{"id":408,"date":"2016-04-22T20:46:36","date_gmt":"2016-04-22T18:46:36","guid":{"rendered":"http:\/\/www.fabad.org.tr\/?page_id=408"},"modified":"2016-04-22T20:46:36","modified_gmt":"2016-04-22T18:46:36","slug":"23-nisan-ulusal-egemenlik-ve-cocuk-bayrami-kutlu-olsun","status":"publish","type":"page","link":"https:\/\/www.fabad.org.tr\/en\/23-nisan-ulusal-egemenlik-ve-cocuk-bayrami-kutlu-olsun\/","title":{"rendered":"23 Nisan Ulusal Egemenlik ve \u00c7ocuk Bayram\u0131 Kutlu Olsun"},"content":{"rendered":"<div dir=\"ltr\">De\u011ferli Meslekta\u015flar\u0131m\u0131z,<u><\/u><u><\/u><\/div>\n<div><u><\/u>\u00a0<u><\/u><\/div>\n<div>Bu y\u0131l Cumhuriyetimizin temeli, ulusal kurtulu\u015f sava\u015f\u0131m\u0131z\u0131n ba\u015flang\u0131\u00e7 ate\u015fi olan T\u00fcrkiye B\u00fcy\u00fck Millet Meclisi\u2019nin a\u00e7\u0131l\u0131\u015f\u0131n\u0131n 96. Y\u0131l\u0131n\u0131 kutluyoruz.<u><\/u><u><\/u><\/div>\n<div><u><\/u>\u00a0<u><\/u><\/div>\n<div>T\u00fcrk iradesinin, T\u00fcrk \u00f6zveri ve kararl\u0131l\u0131\u011f\u0131n\u0131n bir eseri olan ulusal egemenli\u011fimiz, ya\u015fad\u0131k\u00e7a de\u011ferini idrak etti\u011fimiz ve gelecek nesillere gururla aktaraca\u011f\u0131m\u0131z en \u00f6nemli miraslar\u0131m\u0131zdan birisidir.<u><\/u><u><\/u><\/div>\n<div><u><\/u>\u00a0<u><\/u><\/div>\n<div>Bu miras\u0131 bizlere b\u0131rakan ba\u015fta b\u00fcy\u00fck \u00f6nder Mustafa Kemal Atat\u00fcrk olmak \u00fczere, t\u00fcm Cumhuriyet nesillerine \u015f\u00fckran\u0131 bir bor\u00e7 biliyoruz.<u><\/u><u><\/u><\/div>\n<div><u><\/u>\u00a0<u><\/u><\/div>\n<div>Atat\u00fcrk bu anlaml\u0131 g\u00fcn\u00fc bayram ilan ederek \u00e7ocuklar\u0131m\u0131za arma\u011fan etmi\u015ftir. Yar\u0131n\u0131m\u0131z olan \u00e7ocuklar\u0131m\u0131zla ya\u015fayaca\u011f\u0131m\u0131z daha nice bayramlar diliyor ve TBMM\u2019nin a\u00e7\u0131l\u0131\u015f\u0131n\u0131n 96.y\u0131l\u0131n\u0131 ve &#8220;23 Nisan\u00a0Ulusal Egemenlik ve \u00c7ocuk Bayram\u0131m\u0131z\u0131&#8221;\u00a0en i\u00e7ten duygularla kutluyoruz.<u><\/u><u><\/u><\/div>\n<div><u><\/u>\u00a0<u><\/u><\/div>\n<div dir=\"ltr\"><span lang=\"EN-US\">Sayg\u0131lar\u0131m\u0131zla,<\/span><\/div>\n<div dir=\"ltr\"><span lang=\"EN-US\">\u00a0<\/span><\/div>\n<div dir=\"ltr\"><span lang=\"EN-US\">Prof. Dr. Nesrin G\u00f6khan Kelek\u00e7i<\/span><\/div>\n<div dir=\"ltr\"><span lang=\"EN-US\">FABAD Y\u00f6netim Kurulu Ad\u0131na<\/span><\/div>\n<div dir=\"ltr\"><span lang=\"EN-US\">Ba\u015fkan<\/span><\/div>\n","protected":false},"excerpt":{"rendered":"<p>De\u011ferli Meslekta\u015flar\u0131m\u0131z, \u00a0 Bu y\u0131l Cumhuriyetimizin temeli, ulusal kurtulu\u015f sava\u015f\u0131m\u0131z\u0131n ba\u015flang\u0131\u00e7 ate\u015fi olan T\u00fcrkiye B\u00fcy\u00fck Millet Meclisi\u2019nin a\u00e7\u0131l\u0131\u015f\u0131n\u0131n 96. Y\u0131l\u0131n\u0131 kutluyoruz. \u00a0 T\u00fcrk iradesinin, T\u00fcrk \u00f6zveri ve kararl\u0131l\u0131\u011f\u0131n\u0131n bir eseri olan ulusal egemenli\u011fimiz, ya\u015fad\u0131k\u00e7a&#46;&#46;&#46;<\/p>\n","protected":false},"author":1,"featured_media":0,"parent":0,"menu_order":0,"comment_status":"closed","ping_status":"closed","template":"","meta":{"_uag_custom_page_level_css":"","footnotes":""},"class_list":["post-408","page","type-page","status-publish","hentry"],"uagb_featured_image_src":{"full":false,"thumbnail":false,"medium":false,"medium_large":false,"large":false,"1536x1536":false,"2048x2048":false,"thumb-small":false,"thumb-standard":false,"thumb-medium":false,"thumb-large":false,"thumb-xlarge":false,"thumb-xxlarge":false},"uagb_author_info":{"display_name":"Admin","author_link":"https:\/\/www.fabad.org.tr\/en\/author\/admin\/"},"uagb_comment_info":0,"uagb_excerpt":"De\u011ferli Meslekta\u015flar\u0131m\u0131z, \u00a0 Bu y\u0131l Cumhuriyetimizin temeli, ulusal kurtulu\u015f sava\u015f\u0131m\u0131z\u0131n ba\u015flang\u0131\u00e7 ate\u015fi olan T\u00fcrkiye B\u00fcy\u00fck Millet Meclisi\u2019nin a\u00e7\u0131l\u0131\u015f\u0131n\u0131n 96. Y\u0131l\u0131n\u0131 kutluyoruz. \u00a0 T\u00fcrk iradesinin, T\u00fcrk \u00f6zveri ve kararl\u0131l\u0131\u011f\u0131n\u0131n bir eseri olan ulusal egemenli\u011fimiz, ya\u015fad\u0131k\u00e7a&#46;&#46;&#46;","_links":{"self":[{"href":"https:\/\/www.fabad.org.tr\/en\/wp-json\/wp\/v2\/pages\/408","targetHints":{"allow":["GET"]}}],"collection":[{"href":"https:\/\/www.fabad.org.tr\/en\/wp-json\/wp\/v2\/pages"}],"about":[{"href":"https:\/\/www.fabad.org.tr\/en\/wp-json\/wp\/v2\/types\/page"}],"author":[{"embeddable":true,"href":"https:\/\/www.fabad.org.tr\/en\/wp-json\/wp\/v2\/users\/1"}],"replies":[{"embeddable":true,"href":"https:\/\/www.fabad.org.tr\/en\/wp-json\/wp\/v2\/comments?post=408"}],"version-history":[{"count":0,"href":"https:\/\/www.fabad.org.tr\/en\/wp-json\/wp\/v2\/pages\/408\/revisions"}],"wp:attachment":[{"href":"https:\/\/www.fabad.org.tr\/en\/wp-json\/wp\/v2\/media?parent=408"}],"curies":[{"name":"wp","href":"https:\/\/api.w.org\/{rel}","templated":true}]}}