{"id":153,"date":"2015-02-20T15:39:52","date_gmt":"2015-02-20T15:39:52","guid":{"rendered":"http:\/\/fabad.org.tr\/taslak\/?page_id=153"},"modified":"2017-12-12T22:07:38","modified_gmt":"2017-12-12T19:07:38","slug":"prof-dr-melike-tuncay-ekizoglu","status":"publish","type":"page","link":"https:\/\/www.fabad.org.tr\/en\/yonetim-kurulu\/prof-dr-melike-tuncay-ekizoglu\/","title":{"rendered":"Do\u00e7. Dr. Melike (TUN\u00c7AY) EK\u0130ZO\u011eLU"},"content":{"rendered":"<p><strong>Do\u00e7. Dr. Melike (Tun\u00e7ay) Ekizo\u011flu\u2019nun <\/strong><strong>Akademik \u00d6zge\u00e7mi\u015f \u00d6zeti<\/strong><\/p>\n<p style=\"text-align: justify;\">1975 y\u0131l\u0131nda Ayd\u0131n\u2019da do\u011fan Melike (Tun\u00e7ay) Ekizo\u011flu, Hacettepe \u00dcniversitesi Eczac\u0131l\u0131k Fak\u00fcltesini bitirmi\u015f ve 1997 y\u0131l\u0131nda Farmas\u00f6tik Mikrobiyoloji ABD\u2019na ara\u015ft\u0131rma g\u00f6revlisi olarak atanm\u0131\u015ft\u0131r. 1998 y\u0131l\u0131nda ayn\u0131 fak\u00fcltenin Farmas\u00f6tik Teknoloji Anabilim Dal\u0131\u2019ndan ve 2000 y\u0131l\u0131nda Gazi \u00dcniversitesi T\u0131p Fak\u00fcltesi Mikrobiyoloji ve Klinik Mikrobiyoloji Anabilim Dal\u0131\u2019ndan olmak \u00fczere iki Y\u00fcksek Lisans derecesi alm\u0131\u015ft\u0131r. 2007 y\u0131l\u0131nda Gazi \u00dcniversitesi T\u0131p Fak\u00fcltesi Mikrobiyoloji ve Klinik Mikrobiyoloji ABD\u2019da doktoras\u0131n\u0131 tamamlam\u0131\u015ft\u0131r. Ayn\u0131 y\u0131l \u00f6\u011fretim g\u00f6revlisi olarak atanm\u0131\u015ft\u0131r. Haziran 2005-A\u011fustos 2006 tarihleri aras\u0131nda ABD\u2019de Illinois \u00dcniversitesi, Tar\u0131m-T\u00fcketici ve \u00c7evre Bilimleri Koleji, Hayvan Bilimleri B\u00f6l\u00fcm\u00fc, Mikrobiyoloji Laboratuvar\u0131nda \u2018Yayg\u0131n Antibiyotik Kullan\u0131m\u0131n\u0131n \u00c7evresel \u0130zolatlar\u0131n Fenotipik Ve Genotipik Diren\u00e7 Paternlerine Etkisi\u2019 \u00fczerine \u00e7al\u0131\u015fmalar yapm\u0131\u015ft\u0131r. Temmuz-Eyl\u00fcl 2008 tarihleri aras\u0131nda T\u00dcB\u0130TAK Doktora Sonras\u0131 Ara\u015ft\u0131rma Bursuyla ayn\u0131 laboratuvarda bu konudaki \u00e7al\u0131\u015fmalar\u0131na devam etmi\u015ftir. Melike (Tun\u00e7ay) Ekizo\u011flu 1998-1999 Hacettepe \u00dcniversitesi Ara\u015ft\u0131rma Grubu Ba\u015far\u0131 \u00d6d\u00fcl\u00fc\u2019ne hak kazanm\u0131\u015ft\u0131r. Farkl\u0131 kongrelerde 2 poster birincilik \u00f6d\u00fcl\u00fc alm\u0131\u015ft\u0131r. \u00a0Ara\u015ft\u0131rma alanlar\u0131 antimikrobiyal maddelerin aktivitelerilerinin \u00f6l\u00e7\u00fcm\u00fc, bakterilerde g\u00f6r\u00fclen antibiyotik ve biyosit direnci, farmas\u00f6tik ve medikal \u00fcr\u00fcnlerde mikrobiyolojik analizler ve sterilite testleri \u00fczerinedir. SCI (Science Citation Index)\u2019e g\u00f6re taranan dergilerde 20 yay\u0131n\u0131, 40 bildiri \u00f6zeti ve ulusal dergilerde 14 yay\u0131n\u0131 ve 20 bildiri \u00f6zeti bulunmaktad\u0131r. PubMed veri taban\u0131na g\u00f6re yay\u0131nlar\u0131na yap\u0131lan at\u0131f say\u0131s\u0131 A\u011fustos 2016 itibari ile 500 civar\u0131ndad\u0131r. Hacettepe \u00dcniversitesi Eczac\u0131l\u0131k Fak\u00fcltesi Y\u00f6netim Kurulu ve Hacettepe \u00dcniversitesi Eczac\u0131l\u0131k Fak\u00fcltesi \u0130la\u00e7 Kozmetik Ar-Ge Laboratuvar\u0131 (H\u00dcN\u0130KAL) Y\u00f6netim Kurulu \u00fcyesidir. T\u00fcrkiye Farmas\u00f6tik Bilimler Ankara Derne\u011fi (FABAD)\u2019nin 2010 y\u0131l\u0131ndan beri y\u00f6netim kurulu \u00fcyesidir. 2014 y\u0131l\u0131ndan beri dernek sekterli\u011fi g\u00f6revini y\u00fcr\u00fctmektedir. Evli ve iki \u00e7ocuk annesidir.<\/p>\n","protected":false},"excerpt":{"rendered":"<p>Do\u00e7. Dr. Melike (Tun\u00e7ay) Ekizo\u011flu\u2019nun Akademik \u00d6zge\u00e7mi\u015f \u00d6zeti 1975 y\u0131l\u0131nda Ayd\u0131n\u2019da do\u011fan Melike (Tun\u00e7ay) Ekizo\u011flu, Hacettepe \u00dcniversitesi Eczac\u0131l\u0131k Fak\u00fcltesini bitirmi\u015f ve 1997 y\u0131l\u0131nda Farmas\u00f6tik Mikrobiyoloji ABD\u2019na ara\u015ft\u0131rma g\u00f6revlisi olarak atanm\u0131\u015ft\u0131r. 1998 y\u0131l\u0131nda ayn\u0131 fak\u00fcltenin&#46;&#46;&#46;<\/p>\n","protected":false},"author":1,"featured_media":0,"parent":18,"menu_order":0,"comment_status":"closed","ping_status":"closed","template":"","meta":{"_uag_custom_page_level_css":"","footnotes":""},"class_list":["post-153","page","type-page","status-publish","hentry"],"uagb_featured_image_src":{"full":false,"thumbnail":false,"medium":false,"medium_large":false,"large":false,"1536x1536":false,"2048x2048":false,"thumb-small":false,"thumb-standard":false,"thumb-medium":false,"thumb-large":false,"thumb-xlarge":false,"thumb-xxlarge":false},"uagb_author_info":{"display_name":"Admin","author_link":"https:\/\/www.fabad.org.tr\/en\/author\/admin\/"},"uagb_comment_info":0,"uagb_excerpt":"Do\u00e7. Dr. Melike (Tun\u00e7ay) Ekizo\u011flu\u2019nun Akademik \u00d6zge\u00e7mi\u015f \u00d6zeti 1975 y\u0131l\u0131nda Ayd\u0131n\u2019da do\u011fan Melike (Tun\u00e7ay) Ekizo\u011flu, Hacettepe \u00dcniversitesi Eczac\u0131l\u0131k Fak\u00fcltesini bitirmi\u015f ve 1997 y\u0131l\u0131nda Farmas\u00f6tik Mikrobiyoloji ABD\u2019na ara\u015ft\u0131rma g\u00f6revlisi olarak atanm\u0131\u015ft\u0131r. 1998 y\u0131l\u0131nda ayn\u0131 fak\u00fcltenin&#46;&#46;&#46;","_links":{"self":[{"href":"https:\/\/www.fabad.org.tr\/en\/wp-json\/wp\/v2\/pages\/153","targetHints":{"allow":["GET"]}}],"collection":[{"href":"https:\/\/www.fabad.org.tr\/en\/wp-json\/wp\/v2\/pages"}],"about":[{"href":"https:\/\/www.fabad.org.tr\/en\/wp-json\/wp\/v2\/types\/page"}],"author":[{"embeddable":true,"href":"https:\/\/www.fabad.org.tr\/en\/wp-json\/wp\/v2\/users\/1"}],"replies":[{"embeddable":true,"href":"https:\/\/www.fabad.org.tr\/en\/wp-json\/wp\/v2\/comments?post=153"}],"version-history":[{"count":2,"href":"https:\/\/www.fabad.org.tr\/en\/wp-json\/wp\/v2\/pages\/153\/revisions"}],"predecessor-version":[{"id":921,"href":"https:\/\/www.fabad.org.tr\/en\/wp-json\/wp\/v2\/pages\/153\/revisions\/921"}],"up":[{"embeddable":true,"href":"https:\/\/www.fabad.org.tr\/en\/wp-json\/wp\/v2\/pages\/18"}],"wp:attachment":[{"href":"https:\/\/www.fabad.org.tr\/en\/wp-json\/wp\/v2\/media?parent=153"}],"curies":[{"name":"wp","href":"https:\/\/api.w.org\/{rel}","templated":true}]}}