{"id":141,"date":"2015-02-20T14:55:15","date_gmt":"2015-02-20T14:55:15","guid":{"rendered":"http:\/\/fabad.org.tr\/taslak\/?page_id=141"},"modified":"2016-08-17T00:56:03","modified_gmt":"2016-08-16T22:56:03","slug":"prof-dr-nesrin-gokhan-kelekci","status":"publish","type":"page","link":"https:\/\/www.fabad.org.tr\/en\/yonetim-kurulu\/prof-dr-nesrin-gokhan-kelekci\/","title":{"rendered":"Prof. Dr. Nesrin G\u00f6khan Kelek\u00e7i"},"content":{"rendered":"<p align=\"left\"><strong>Prof. Dr. Nesrin G\u00f6khan Kelek\u00e7i\u2019nin Akademik \u00d6zge\u00e7mi\u015f \u00d6zeti<\/strong><\/p>\n<p>Eposta:<a title=\"onesrin@gmail.com\" href=\"mailto:onesrin@gmail.com\">onesrin@gmail.com<\/a><br \/>\n<img loading=\"lazy\" decoding=\"async\" class=\" wp-image-143 alignleft\" src=\"http:\/\/fabad.org.tr\/taslak\/wp-content\/uploads\/2015\/02\/ProfDrNesrinGokhanKeleci-201x300.jpg\" alt=\"Prof Dr Nesrin Gokhan Keleci\" width=\"176\" height=\"265\" \/><\/p>\n<p style=\"text-align: justify;\">14 Eyl\u00fcl 1970 y\u0131l\u0131nda Van\u2019da d\u00fcnyaya gelen Nesrin G\u00f6khan Kelek\u00e7i 1991 Y\u0131l\u0131nda Hacettepe \u00dcniversitesi Eczac\u0131l\u0131k Fak\u00fcltesi\u2019nden mezun olmu\u015f, 1994 Y\u0131l\u0131nda Farmas\u00f6tik Kimya alan\u0131nda bilim uzmanl\u0131\u011f\u0131, 1998 y\u0131l\u0131nda doktora derecelerini alm\u0131\u015ft\u0131r. 1999 Y\u0131l\u0131nda yard\u0131mc\u0131 do\u00e7ent, 2003 y\u0131l\u0131nda do\u00e7ent, 2010 y\u0131l\u0131nda profes\u00f6rl\u00fck kadrolar\u0131n\u0131 almaya hak kazanm\u0131\u015ft\u0131r. Halen Hacettepe \u00dcniversitesi Eczac\u0131l\u0131k Fak\u00fcltesi Farmas\u00f6tik Kimya Anabilim Dal\u0131\u2019nda \u00f6\u011fretim \u00fcyesi olarak \u00e7al\u0131\u015fmaktad\u0131r. 2000 Y\u0131l\u0131nda Almanya\u2019da Carolo-Wilhelmina Technische \u00dcniversitesi, Farmas\u00f6tik Kimya Enstit\u00fcs\u00fcn\u2019de Kapiller elektroforezde yo\u011funla\u015ft\u0131rma, 2001-2002 tarihleri aras\u0131nda \u0130ngiltere\u2019de King\u2019s College London \u00dcniversitesi, Eczac\u0131l\u0131k Okulu\u2019nda Model peptit serilerinin metabolizmas\u0131 \u00fczerinde yap\u0131n\u0131n etkisi ve 2012 y\u0131l\u0131nda G\u00fcney Kore\u2019de Sejong \u00dcniversitesinde Antikor-\u0130la\u00e7 Konjugatlar\u0131 konular\u0131 \u00fczerinde \u00e7al\u0131\u015fmalarda bulunmu\u015ftur.<\/p>\n<p style=\"text-align: justify;\">Nesrin G\u00f6khan Kelek\u00e7i 2006-2007 Akademik Y\u0131l\u0131 Hacettepe \u00dcniversitesi Bilimde Te\u015fvik \u00d6d\u00fcl\u00fcn\u00fc, 2007 y\u0131l\u0131nda T\u00fcrk Eczac\u0131lar Birli\u011fi (TEB) Akademisi 2007 Ara\u015ft\u0131rma Deste\u011fi \u00d6d\u00fcl\u00fcn\u00fc,<strong> 2008 y\u0131l\u0131nda Novartis Farmas\u00f6tik ve Medisinal Kimya \u0130la\u00e7 Tasar\u0131m ve Geli\u015ftirme Ara\u015ftirma Destekleri \u00d6d\u00fcl\u00fcn\u00fc ve 2009 y\u0131l\u0131nda <\/strong>2007-2008 y\u0131llar\u0131 <strong>Novartis Farmas\u00f6tik ve Medisinal Kimya \u0130la\u00e7 Tasar\u0131m ve Geli\u015ftirme Ara\u015ftirma En \u0130yi Yay\u0131n dal\u0131nda Birincilik \u00d6d\u00fcl\u00fcn\u00fc almaya hak kazanm\u0131\u015ft\u0131r.<\/strong><\/p>\n<p style=\"text-align: justify;\">Ara\u015ft\u0131rma alanlar\u0131 depresyon ve alzheimer da etkili oldu\u011fu d\u00fc\u015f\u00fcn\u00fclen monoamin oksidaz enzim inhibit\u00f6r\u00fc bile\u015fiklerin tasar\u0131m\u0131, sentezi ve etkile\u015fim modellerinin \u00e7\u0131kart\u0131lmas\u0131d\u0131r. Ayr\u0131ca antiinflamatuvar etkiye sahip de\u011fi\u015fik yap\u0131daki kondanse heterosiklik bile\u015fiklerin sentezi ve yap\u0131lar\u0131n\u0131n ayd\u0131nlat\u0131lmad\u0131s\u0131r. SCI (Science Citation Index)\u2019e g\u00f6re taranan dergilerde 41 yay\u0131n\u0131, 2 adet kitap b\u00f6l\u00fcm\u00fc, 60\u2019dan fazla bildiri \u00f6zeti ve ulusal dergilerde 6 yay\u0131n\u0131 ve bildiri \u00f6zetleri bulunmaktad\u0131r. Scopus veri taban\u0131na g\u00f6re yay\u0131nlar\u0131na yap\u0131lan at\u0131f say\u0131s\u0131 A\u011fustos 2016 itibari ile 920 ve h say\u0131s\u0131 13\u2019dir.<\/p>\n<p style=\"text-align: justify;\">H.\u00dc.Eczac\u0131l\u0131k Fak\u00fcltesi Fak\u00fclte Kurulu \u00dcyeli\u011fi, H.\u00dc. Eczac\u0131l\u0131k Fak\u00fcltesi Dergisi Edit\u00f6r Yard\u0131mc\u0131s\u0131, H.\u00dc. Eczac\u0131l\u0131k Fak\u00fcltesi Dekan Yard\u0131mc\u0131s\u0131 g\u00f6revlerinde bulunan Prof.Dr.Nesrin G\u00f6khan Kelek\u00e7i halen H.\u00dc. Eczac\u0131l\u0131k Fak\u00fcltesi \u00d6z De\u011ferlendirme Kurul Koordinat\u00f6r\u00fc, H.\u00dc. Farmas\u00f6tik Kimya Ara\u015ft\u0131rma Geli\u015ftirme Derne\u011fi sayman\u0131, H.\u00dc. Eczac\u0131l\u0131k Fak\u00fcltesi Erasmus-E\u015fde\u011ferlik Komisyonu \u00dcyeli\u011fi ve T\u00fcrkiye Farmas\u00f6tik Bilimler Ankara Derne\u011fi (FABAD)\u2019nin y\u00f6netim kurulu ba\u015fkanl\u0131\u011f\u0131 g\u00f6revlerini s\u00fcrd\u00fcrmektedir.<\/p>\n<p>Evlidir.<\/p>\n","protected":false},"excerpt":{"rendered":"<p>Prof. Dr. Nesrin G\u00f6khan Kelek\u00e7i\u2019nin Akademik \u00d6zge\u00e7mi\u015f \u00d6zeti Eposta:onesrin@gmail.com 14 Eyl\u00fcl 1970 y\u0131l\u0131nda Van\u2019da d\u00fcnyaya gelen Nesrin G\u00f6khan Kelek\u00e7i 1991 Y\u0131l\u0131nda Hacettepe \u00dcniversitesi Eczac\u0131l\u0131k Fak\u00fcltesi\u2019nden mezun olmu\u015f, 1994 Y\u0131l\u0131nda Farmas\u00f6tik Kimya alan\u0131nda bilim uzmanl\u0131\u011f\u0131,&#46;&#46;&#46;<\/p>\n","protected":false},"author":1,"featured_media":0,"parent":18,"menu_order":0,"comment_status":"closed","ping_status":"closed","template":"","meta":{"_uag_custom_page_level_css":"","footnotes":""},"class_list":["post-141","page","type-page","status-publish","hentry"],"uagb_featured_image_src":{"full":false,"thumbnail":false,"medium":false,"medium_large":false,"large":false,"1536x1536":false,"2048x2048":false,"thumb-small":false,"thumb-standard":false,"thumb-medium":false,"thumb-large":false,"thumb-xlarge":false,"thumb-xxlarge":false},"uagb_author_info":{"display_name":"Admin","author_link":"https:\/\/www.fabad.org.tr\/en\/author\/admin\/"},"uagb_comment_info":0,"uagb_excerpt":"Prof. Dr. Nesrin G\u00f6khan Kelek\u00e7i\u2019nin Akademik \u00d6zge\u00e7mi\u015f \u00d6zeti Eposta:onesrin@gmail.com 14 Eyl\u00fcl 1970 y\u0131l\u0131nda Van\u2019da d\u00fcnyaya gelen Nesrin G\u00f6khan Kelek\u00e7i 1991 Y\u0131l\u0131nda Hacettepe \u00dcniversitesi Eczac\u0131l\u0131k Fak\u00fcltesi\u2019nden mezun olmu\u015f, 1994 Y\u0131l\u0131nda Farmas\u00f6tik Kimya alan\u0131nda bilim uzmanl\u0131\u011f\u0131,&#46;&#46;&#46;","_links":{"self":[{"href":"https:\/\/www.fabad.org.tr\/en\/wp-json\/wp\/v2\/pages\/141","targetHints":{"allow":["GET"]}}],"collection":[{"href":"https:\/\/www.fabad.org.tr\/en\/wp-json\/wp\/v2\/pages"}],"about":[{"href":"https:\/\/www.fabad.org.tr\/en\/wp-json\/wp\/v2\/types\/page"}],"author":[{"embeddable":true,"href":"https:\/\/www.fabad.org.tr\/en\/wp-json\/wp\/v2\/users\/1"}],"replies":[{"embeddable":true,"href":"https:\/\/www.fabad.org.tr\/en\/wp-json\/wp\/v2\/comments?post=141"}],"version-history":[{"count":0,"href":"https:\/\/www.fabad.org.tr\/en\/wp-json\/wp\/v2\/pages\/141\/revisions"}],"up":[{"embeddable":true,"href":"https:\/\/www.fabad.org.tr\/en\/wp-json\/wp\/v2\/pages\/18"}],"wp:attachment":[{"href":"https:\/\/www.fabad.org.tr\/en\/wp-json\/wp\/v2\/media?parent=141"}],"curies":[{"name":"wp","href":"https:\/\/api.w.org\/{rel}","templated":true}]}}